{"id":142,"date":"2017-10-20T10:20:26","date_gmt":"2017-10-20T08:20:26","guid":{"rendered":"http:\/\/kongres-kami.sk\/land\/?page_id=142"},"modified":"2017-11-12T17:36:52","modified_gmt":"2017-11-12T16:36:52","slug":"program","status":"publish","type":"page","link":"https:\/\/kongres-kami.sk\/land\/program\/","title":{"rendered":"Program konferencie"},"content":{"rendered":"<p style=\"text-align: center;\"><em>Organiz\u00e1tori si vyhradzuj\u00fa pr\u00e1vo na zmenu programu.<\/em> \u00a0<\/p>\n<h3 style=\"text-align: center;\">Streda 15. 11. 2017\u00a0<\/h3>\n<p>07:00 \u2013 13:00 <strong>Registr\u00e1cia \u00fa\u010dastn\u00edkov<\/strong>\u00a0<br \/>\n 07:40 \u2013 07:45 <strong>Otvorenie konferencie<\/strong>\u00a0<\/p>\n<h4><span style=\"font-size: 1.375rem;\">07:45 \u2013 9:15\u00a0<\/span><span style=\"font-size: 1.375rem;\">Odborn\u00fd program I.<br \/>\n Predsedn\u00edctvo: \u0160te\u0148o A., Klepanec A., Vor\u010d\u00e1k M.<\/span><\/h4>\n<p>07:45 \u2013 08:05 <strong>Zobrazovanie mozgu u pacientov s\u00a0ak\u00fatnou ischemickou CMP\u00a0<\/strong><br \/>\n Vor\u010d\u00e1k M., S\u00fdkora J., Krko\u0161ka A., \u0160tev\u00edk M., Zele\u0148\u00e1k K. \u2013 Martin, Slovensko<\/p>\n<p>08:05 \u2013 08:25 <strong>Zobrazovanie ciev u pacientov pred endovaskul\u00e1rnou lie\u010dbou ak\u00fatnej ischemickej CMP<\/strong><br \/>\n Klepanec A., Har\u0161\u00e1ny J., Rusina M., Mako M., Haring J., Krastev G. \u2013 Trnava, Slovensko<\/p>\n<p>08:25 \u2013 08:45 <strong>Safe Contrast Use in Sensitive and at Risk Populations<\/strong><br \/>\n Somosi G. \u2013 Budape\u0161\u0165, Ma\u010farsko\u00a0<\/p>\n<p>08:45 \u2013 09:15 <strong>Novinky v\u00a0lie\u010dbe cerebrovaskul\u00e1rnych ochoren\u00ed na Neurochirurgickej klinike LFUK a\u00a0UN Bratislava<\/strong><br \/>\n \u0160te\u0148o A., Li\u0161ka M., B\u00edzik I., \u0160te\u0148o J. \u2013 Bratislava, Slovensko<\/p>\n<p>09:15 \u2013 09:35 Prest\u00e1vka \u2013 COFFEE BREAK<\/p>\n<h4>9:35 \u2013 11:45\u00a0Odborn\u00fd program II.<br \/>\n Predsedn\u00edctvo: Brozman M., S\u00fdkora J.<\/h4>\n<p>09:35 \u2013 09:55 <b>Anal\u00fdza klinick\u00e9ho stavu pacientov po endovaskul\u00e1rnej lie\u010dbe pre ischemick\u00fa ak\u00fatnu cievnu mozgov\u00fa pr\u00edhodu (v KCC FN Trnava)<\/b><br \/>\n Haring J., Krastev G., Klepanec A., Mako M., Har\u0161\u00e1ny J., Rusina M., Lackovi\u010d R., Moko\u0161ov\u00e1 L., Zaji\u010dkov\u00e1 I., \u0160tevkov\u00e1 Z., Kov\u00e1csov\u00e1 \u017d., Do\u0161ekov\u00e1 P., Cis\u00e1r J., Be\u0148ov\u00e1 \u013d, Cab\u00fakov\u00e1 M. \u2013 Trnava, Slovensko\u00a0<\/p>\n<p>09:55 \u2013 10:15 <strong>Ak\u00e9 s\u00fa v\u00fdsledky endovaskul\u00e1rnej lie\u010dby mozgov\u00fdch infarktov v re\u00e1lnej klinickej praxi? Anal\u00fdza s\u00faboru pacientov FN Nitra a Kardiocentrum Nitra po\u010das rokov 2015 \u2013 2017<br \/>\n <\/strong>Brozman M., Bla\u0161ko P., Viszlayov\u00e1 D., Petrovi\u010dov\u00e1 A., Mu\u0161\u00e1kov\u00e1 H., Kurray P., Vytiska M., Juskani\u010d D., Patrovi\u010d L. \u2013 Nitra, Slovensko\u00a0<\/p>\n<p>10:15 \u2013 10:35 <strong>Endovaskul\u00e1rna lie\u010dba ischemickej CMP \u2013 na\u0161e sk\u00fasenosti<\/strong><br \/>\n Zele\u0148\u00e1k K., <span style=\"text-decoration: underline;\">S\u00fdkora J.<\/span>, Vor\u010d\u00e1k M., Krko\u0161ka A., Zele\u0148\u00e1kov\u00e1 J., Nos\u00e1\u013e V., Michalik J., \u0160tev\u00edk M., Kur\u010da E. \u2013 Martin, Slovensko<\/p>\n<p>10:35 \u2013 10:55 <strong>Odborn\u00e9 usmernenie pre lie\u010dbu cievnych mozgov\u00fdch pr\u00edhod<\/strong><br \/>\n Gdovinov\u00e1 Z., Le\u0161ko N. \u2013 Ko\u0161ice, Slovensko<\/p>\n<p>10:55 \u2013 11:15 <strong>Optimaliz\u00e1cia starostlivosti o pacienta s CMP v hyperak\u00fatnej f\u00e1ze vo svetle nov\u00e9ho odborn\u00e9ho usmernenia MZ SR<\/strong><br \/>\n Nos\u00e1\u013e V., Kur\u010da E., Michalik J., Zele\u0148\u00e1k K. \u2013 Martin, Slovensko<\/p>\n<p>11:15 \u2013 11:45 <strong>Interven\u010dn\u00ed l\u00e9\u010dba akutn\u00edch ischemick\u00fdch ikt\u016f v\u00a0\u010cesk\u00e9 republice<\/strong><br \/>\n Adla T. \u2013 Praha, \u010cesk\u00e1 republika<\/p>\n<p>11:45 \u2013 12:45 Prest\u00e1vka \u2013 OBED\u00a0<\/p>\n<h4>12:45 \u2013 14:45\u00a0Odborn\u00fd program III.<br \/>\n Predsedn\u00edctvo: Peregrin J., Kur\u010da E.<\/h4>\n<p>12:45 \u2013 13:15 <strong>Quo vadis karotick\u00e9 stentov\u00e1n\u00ed?<\/strong><br \/>\n Peregrin J. \u2013 Praha, \u010cesk\u00e1 republika<\/p>\n<p>13:15 \u2013 13:45<strong> Ischemic Stroke \u2013 overview of the current status and how we do it in Karolinska<\/strong><br \/>\n Brouwer P. \u2013 \u0160tokholm, \u0160v\u00e9dsko.<\/p>\n<p>13:45 \u2013 14:15 <strong>Cardioembolic stroke \u2013 causes, diagnostic, prevention \u2013 an overview \u2013 Kardioembolick\u00e1 n\u00e1hla cievna mozgov\u00e1 pr\u00edhoda \u2013 pr\u00ed\u010diny, diagnostika, prevencia \u2013 preh\u013ead\u00a0<\/strong><br \/>\n Ebert H\u2013H. \u2013 Riesa, Nemecko\u00a0<\/p>\n<p>14:15 \u2013 14:45<strong> Open questions in thrombectomy and in intracranial stenting<\/strong><br \/>\n Fiehler J. \u2013 Hamburg, Nemecko<\/p>\n<p>14:45 \u2013 15:10 Prest\u00e1vka \u2013 COFFEE BREAK<\/p>\n<h4>15:10 \u2013 17:35\u00a0Odborn\u00fd program IV.<br \/>\n Predsedn\u00edctvo: Same\u0161 M., Zele\u0148\u00e1k K.<\/h4>\n<p>15:10 \u2013 15:30 <strong>Mana\u017ement aneuryziem arteria cerebri media na Neurochirurgickej klinike LFUK a UN Bratislava<\/strong><br \/>\n Li\u0161ka M., B\u00edzik I., Koz\u00e1k J., Li\u0161kov\u00e1 V., Vulev I., \u0160te\u0148o J., \u0160te\u0148o A. \u2013 Bratislava, Slovensko<\/p>\n<p>15:30 \u2013 15:55\u00a0<strong>Potreba bypassu pri chirurgickej lie\u010dbe intrakrani\u00e1lnej aneuryzmy<\/strong><br \/>\n Same\u0161 M. \u2013 \u00dast\u00ed nad Labem, \u010cesk\u00e1 republika<\/p>\n<p>15:55 \u2013 16:25\u00a0<strong>Endovascular treatment of giant intracranial aneurysms<\/strong><br \/>\n Ko\u00e7er N. \u2013 Istanbul, Turecko\u00a0<\/p>\n<p>16:25 \u2013 16:50 <strong>Hemorrhagic Stroke \u2013 The use of flow diverters<\/strong><br \/>\n Brouwer P. \u2013 \u0160tokholm, \u0160v\u00e9dsko<\/p>\n<p>16:50 \u2013 17:10 <strong>Treatment of ophtalmic aneurysms with flow diverters<\/strong> \u00a0<br \/>\n Petrov A., Ivanov A., Radzhabov S., Rozhchenko L., Goroshenko S., Khristoforova M., Ivanov A., Sinitsyn P., Bobinov V. \u2013 Saint Petersburg, Russia<\/p>\n<p>17:10 \u2013 17:35\u00a0<strong>S\u00fa\u010dasn\u00e9 techniky endovaskul\u00e1rnej lie\u010dby intrakrani\u00e1lnych aneuryziem<\/strong><br \/>\n Zele\u0148\u00e1k K. \u2013 Martin, Slovensko<\/p>\n<p>19:30 <strong>Sl\u00e1vnostn\u00e9 stretnutie<\/strong><br \/>\n Pri pr\u00edle\u017eitosti 50. v\u00fdro\u010dia zalo\u017eenia R\u00e1diologickej kliniky JLF UK a UNM<br \/>\n <em>Miesto stretnutia:<\/em> Slovensk\u00e9 komorn\u00e9 divadlo, Martin\u00a0<\/p>\n<p><strong>Hist\u00f3ria r\u00e1diol\u00f3gie na Slovensku<\/strong><br \/>\n Bilick\u00fd J., Pol\u00e1\u010dek H. \u2013 Bratislava \/ Martin, Slovensko<\/p>\n<p><strong>prof. L\u00e1nyi a 50. rokov R\u00e1diologickej kliniky JLF UK\u00a0a UNM<\/strong><br \/>\n Danko J. \u2013 Martin, Slovensko<\/p>\n<p><strong>Expoz\u00edcia historickej rtg techniky<br \/>\n<\/strong>\u0160al\u00e1t D.<\/p>\n<p>20.30 <em><strong>Ve\u010dera formou rautu\u00a0<\/strong><\/em><\/p>\n<p>22.30 <em><strong>Presun do hotela TURIEC\u00a0<\/strong><\/em><\/p>\n<hr \/>\n<h3 style=\"text-align: center;\">\u0160tvrtok 16. 11. 2017\u00a0<\/h3>\n<p>08:00\u00a0\u2013 10:00 <strong>Registr\u00e1cia \u00fa\u010dastn\u00edkov<\/strong><\/p>\n<p>&nbsp;<\/p>\n<p><span style=\"color: #454545; font-family: Copse, serif; font-size: 1.375rem; font-weight: bold;\">08:00 \u2013 10:30\u00a0Odborn\u00fd program V.<\/span><\/p>\n<p>&nbsp;<\/p>\n<h4>Predsedn\u00edctvo: \u0160te\u0148o J., Belan V., \u0160tev\u00edk M.<\/h4>\n<p>08:00 \u2013 08:20 <strong>Multiparametrick\u00e9 MR v sledovan\u00ed a lie\u010dbe mozgov\u00fdch tumorov<\/strong><br \/>\n Spurn\u00fd M., Mi\u0161tina \u013d., Galanda M, \u0160ulaj J. \u2013 Bansk\u00e1 Bystrica, Slovensko<\/p>\n<p>08:20 \u2013 08:40 <strong>R\u00e1diogenomika a neuror\u00e1diol\u00f3gia<\/strong><br \/>\n Belan V., Jezberov\u00e1 M., Fabian M., Pru\u017eincov\u00e1 \u013d., Rychl\u00fd B. \u2013 Bratislava, Slovensko<\/p>\n<p>08:40 \u2013 09:00 <strong>MR spektroskopick\u00e1 diferenci\u00e1cia tumorov mozgu\u00a0<\/strong><br \/>\n \u0160tev\u00edk M., Zele\u0148\u00e1k K., Bitt\u0161ansk\u00fd M., Kolarovszki B., Michalik J., \u010euro\u0161ka M., Sl\u00e1vik P., Vor\u010d\u00e1k M.\u00a0\u2013 Martin, Slovensko<\/p>\n<p>09:00 \u2013 09:20 <strong>Na\u0161e sk\u00fasenosti s vyu\u017eit\u00edm neurostimula\u010dn\u00fdch met\u00f3d pri oper\u00e1ci\u00e1ch tumorov vo funk\u010dne v\u00fdznamn\u00fdch oblastiach CNS<\/strong><br \/>\n Galanda T., Kluzov\u00e1 M., Bullov\u00e1 J., Galanda M. \u2013 Bansk\u00e1 Bystrica, Slovensko<\/p>\n<p>09:20 \u2013 09:50 <strong>Cievne z\u00e1sobenie mozgov\u00fdch \u0161trukt\u00far a oper\u00e1cie mozgov\u00fdch n\u00e1dorov<\/strong><br \/>\n \u0160te\u0148o J., B\u00edzik I., \u0160urkala J., Matej\u010d\u00edk V, \u0160te\u0148o A. \u2013 Bratislava, Slovensko<\/p>\n<p>09:50 \u2013 10:10 <strong>Mana\u017ement pacientov s\u00a0mozgov\u00fdmi n\u00e1dormi na na\u0161om pracovisku<\/strong><br \/>\n Richterov\u00e1 R., Kolarovszki B., De Riggo J., Zele\u0148\u00e1k K., S\u00fdkora J., Vor\u010d\u00e1k M., \u0160tev\u00edk M. \u2013 Martin, Slovensko<\/p>\n<p>10:10 \u2013 10:30 <strong>Predopera\u010dn\u00e9 emboliz\u00e1cie n\u00e1dorov<\/strong><br \/>\n Zele\u0148\u00e1k K., S\u00fdkora J., Vor\u010d\u00e1k M., Kolarovszki B., De Riggo J., Szepe P., \u0160tev\u00edk M. \u2013\u00a0Martin, Slovensko<\/p>\n<p>10:30 \u2013 10:50 Prest\u00e1vka \u2013 COFFEE BREAK<\/p>\n<h4>10:50 \u2013 14:00\u00a0Odborn\u00fd program VI.<br \/>\n Predsedn\u00edctvo: He\u0159man M., Galanda M., Pol\u00e1\u010dek H.<\/h4>\n<p>10:50 \u2013 11:15 <strong>Zobrazenie hemoragick\u00fdch CMP \u2013 AVM a DAVF<\/strong><br \/>\n He\u0159man M. \u2013 Olomouc, \u010cesk\u00e1 republika<\/p>\n<p>11:15 \u2013 11:40 <strong>Neurochirurgick\u00e1 lie\u010dba AVM mozgu \u2013 jej indik\u00e1cie\u00a0a limity<\/strong><br \/>\n Galanda M., \u0160ulaj J., Okapec S. \u2013 Bansk\u00e1 Bystrica, Slovensko<\/p>\n<p>11:40 \u2013 12:10 <strong>AVM\/dAVF \u2026when to use what kind of embolic agent<br \/>\n <\/strong>Brouwer P. \u2013 \u0160tokholm, \u0160v\u00e9dsko<\/p>\n<p>12:10 \u2013 12:40 <strong>AVM \u2013 endovascular treatment<br \/>\n <\/strong>Chapot R. \u2013 Essen, Nemecko<strong><br \/>\n <\/strong><\/p>\n<p>12:40 \u2013 13:10 <strong>Combined transarterial and transvenous (CAVA) embolization of deep brain arterio-venous malformations<br \/>\n <\/strong>Hudak S. \u2013 Budape\u0161\u0165, Ma\u010farsko<\/p>\n<p>13:10 \u2013 14:00 <strong>Diskusia k\u00a0posterom\u00a0<\/strong><\/p>\n<p>14:00 <em><strong>Ukon\u010denie konferencie, obed<\/strong><\/em><\/p>\n<hr \/>\n<p style=\"text-align: center;\"><a href=\"https:\/\/kongres-kami.sk\/land\/wp-content\/uploads\/2017\/11\/LAND-2017-bulletin.pdf\"><span style=\"background-color: #ff6600; color: #ffffff;\"><strong>\u21d3 BULLETIN NA STIAHNUTIE\u00a0\u21d3<\/strong><\/span><\/a><\/p>\n","protected":false},"excerpt":{"rendered":"<p>Organiz\u00e1tori si vyhradzuj\u00fa pr\u00e1vo na zmenu programu. \u00a0 Streda 15. 11. 2017\u00a0 07:00 \u2013 13:00 Registr\u00e1cia \u00fa\u010dastn\u00edkov\u00a0 07:40 \u2013 07:45 Otvorenie konferencie\u00a0 07:45 \u2013 9:15\u00a0Odborn\u00fd program I. Predsedn\u00edctvo: \u0160te\u0148o A., <a href=\"https:\/\/kongres-kami.sk\/land\/program\/\" class=\"more-link\">[&hellip;]<\/a><\/p>\n","protected":false},"author":1,"featured_media":0,"parent":0,"menu_order":2,"comment_status":"closed","ping_status":"closed","template":"","meta":{"Layout":"","footnotes":""},"class_list":["entry","author-lucian-cmorej","post-142","page","type-page","status-publish"],"_links":{"self":[{"href":"https:\/\/kongres-kami.sk\/land\/wp-json\/wp\/v2\/pages\/142","targetHints":{"allow":["GET"]}}],"collection":[{"href":"https:\/\/kongres-kami.sk\/land\/wp-json\/wp\/v2\/pages"}],"about":[{"href":"https:\/\/kongres-kami.sk\/land\/wp-json\/wp\/v2\/types\/page"}],"author":[{"embeddable":true,"href":"https:\/\/kongres-kami.sk\/land\/wp-json\/wp\/v2\/users\/1"}],"replies":[{"embeddable":true,"href":"https:\/\/kongres-kami.sk\/land\/wp-json\/wp\/v2\/comments?post=142"}],"version-history":[{"count":5,"href":"https:\/\/kongres-kami.sk\/land\/wp-json\/wp\/v2\/pages\/142\/revisions"}],"predecessor-version":[{"id":230,"href":"https:\/\/kongres-kami.sk\/land\/wp-json\/wp\/v2\/pages\/142\/revisions\/230"}],"wp:attachment":[{"href":"https:\/\/kongres-kami.sk\/land\/wp-json\/wp\/v2\/media?parent=142"}],"curies":[{"name":"wp","href":"https:\/\/api.w.org\/{rel}","templated":true}]}}