{"id":198,"date":"2017-11-06T11:35:45","date_gmt":"2017-11-06T10:35:45","guid":{"rendered":"http:\/\/kongres-kami.sk\/land\/?page_id=198"},"modified":"2017-11-06T11:55:27","modified_gmt":"2017-11-06T10:55:27","slug":"historia-radiologickej-kliniky","status":"publish","type":"page","link":"https:\/\/kongres-kami.sk\/land\/historia-radiologickej-kliniky\/","title":{"rendered":"Hist\u00f3ria r\u00e1diologickej kliniky"},"content":{"rendered":"<p style=\"text-align: justify;\">R\u00e1diologick\u00e1 klinika JLF UK a\u00a0UNM v\u00a0Martine vznikla v\u00a0r\u00e1mci r\u00e1diologick\u00e9ho oddelenia martinskej nemocnice. Jeho ved\u00facim sa v\u00a0roku 1946 stal MUDr.\u00a0Arno\u0161t L\u00e1nyi, ktor\u00fd u\u017e ako docent od roku 1957 viedol v\u00a0Martine katedru r\u00f6ntgenol\u00f3gie (bola s\u00fa\u010das\u0165ou Slovensk\u00e9ho \u00fastavu pre do\u0161ko\u013eovanie lek\u00e1rov v\u00a0Tren\u010d\u00edne).<\/p>\n<p>Oddelenie a\u00a0katedra sa v\u00a0roku 1967 stali klinikou r\u00f6ntgenol\u00f3gie a\u00a0r\u00e1diol\u00f3gie na \u010dele s\u00a0prof.\u00a0MUDr.\u00a0A. L\u00e1nyim,\u00a0DrSc., ako ved\u00facim.\u00a0Prof.\u00a0MUDr.\u00a0A. L\u00e1nyi,\u00a0DrSc. po\u010das svojej praxe do roku 1986 vy\u0161kolil svojho n\u00e1stupcu doc.\u00a0MUDr.\u00a0Vilibalda Darmu,\u00a0CSc. a\u00a0mnoh\u00fdch \u010fal\u0161\u00edch odborn\u00edkov, napr. MUDr.\u00a0A. Makovick\u00e9ho, MUDr.\u00a0O. Potan\u010doka, MUDr.\u00a0L. Trubenov\u00fa, MUDr.\u00a0V. Zycha, prof.\u00a0MUDr.\u00a0J. Orta, MUDr.\u00a0A. Vartovn\u00edka, MUDr.\u00a0I. Romoka, MUDr.\u00a0V. Matu\u0161ovi\u010da, MUDr.\u00a0A. Kov\u00e1\u010dika, MUDr.\u00a0J. Ka\u0161ubu, MUDr.\u00a0D. Pokorn\u00e9ho, MUDr.\u00a0M. Benku at\u010f.<br \/>\n Ved\u00facim kliniky od roku 1986 do roku 1989 bol doc.\u00a0MUDr.\u00a0Vilibald Darmo,\u00a0CSc., od roku 1992 do roku 1995 MUDr.\u00a0Jozef Ka\u0161uba,\u00a0CSc., od roku 1996 do roku 2015 MUDr.\u00a0Hubert Pol\u00e1\u010dek,\u00a0CSc. a\u00a0od roku 2015 je prednostom kliniky doc.\u00a0MUDr.\u00a0Kamil Zele\u0148\u00e1k, PhD., FCIRSE.<br \/>\n Vo funkci\u00e1ch z\u00e1stupcov prednostov pracovali: MUDr.\u00a0Gust\u00e1v Matu\u0161ovi\u010d (1968\u00a0\u2013 1990), MUDr.\u00a0Dami\u00e1n Pokorn\u00fd (1990\u00a0\u2013 1993), MUDr.\u00a0Milan Benko (1993\u00a0\u2013 2005), MUDr.\u00a0Viera Cis\u00e1rikov\u00e1 (2002\u00a0\u2013 2005), MUDr.\u00a0M\u00e1ria Hladk\u00e1 (2005 &#8211; 2014), MUDr.\u00a0Kamil Zele\u0148\u00e1k, PhD. (2005\u00a0\u2013 2015), MUDr.\u00a0Martin \u0160tev\u00edk, PhD. (2015\u00a0\u2013 doteraz).<\/p>\n<table>\n<tbody>\n<tr style=\"height: 245px;\">\n<td style=\"text-align: center; height: 245px;\"><img loading=\"lazy\" decoding=\"async\" class=\"aligncenter wp-image-202 \" src=\"https:\/\/kongres-kami.sk\/land\/wp-content\/uploads\/2017\/11\/Prof.-MUDr.-Arno\u0161t-L\u00e1nyi-DrSc-214x300.png\" alt=\"\" width=\"143\" height=\"200\" srcset=\"https:\/\/kongres-kami.sk\/land\/wp-content\/uploads\/2017\/11\/Prof.-MUDr.-Arno\u0161t-L\u00e1nyi-DrSc-214x300.png 214w, https:\/\/kongres-kami.sk\/land\/wp-content\/uploads\/2017\/11\/Prof.-MUDr.-Arno\u0161t-L\u00e1nyi-DrSc.png 293w\" sizes=\"auto, (max-width: 143px) 100vw, 143px\" \/><\/td>\n<td style=\"text-align: center; height: 245px;\"><img loading=\"lazy\" decoding=\"async\" class=\"aligncenter  wp-image-199\" src=\"https:\/\/kongres-kami.sk\/land\/wp-content\/uploads\/2017\/11\/Doc.-MUDr.-Vilibald-Darmo-CSc-237x300.jpg\" alt=\"\" width=\"158\" height=\"200\" srcset=\"https:\/\/kongres-kami.sk\/land\/wp-content\/uploads\/2017\/11\/Doc.-MUDr.-Vilibald-Darmo-CSc-237x300.jpg 237w, https:\/\/kongres-kami.sk\/land\/wp-content\/uploads\/2017\/11\/Doc.-MUDr.-Vilibald-Darmo-CSc.jpg 317w\" sizes=\"auto, (max-width: 158px) 100vw, 158px\" \/><\/td>\n<td style=\"text-align: center; height: 245px;\"><img loading=\"lazy\" decoding=\"async\" class=\"aligncenter  wp-image-201\" src=\"https:\/\/kongres-kami.sk\/land\/wp-content\/uploads\/2017\/11\/MUDr.-Jozef-Ka\u0161uba-CSc-258x300.jpg\" alt=\"\" width=\"172\" height=\"200\" srcset=\"https:\/\/kongres-kami.sk\/land\/wp-content\/uploads\/2017\/11\/MUDr.-Jozef-Ka\u0161uba-CSc-258x300.jpg 258w, https:\/\/kongres-kami.sk\/land\/wp-content\/uploads\/2017\/11\/MUDr.-Jozef-Ka\u0161uba-CSc.jpg 274w\" sizes=\"auto, (max-width: 172px) 100vw, 172px\" \/><\/td>\n<td style=\"text-align: center; height: 245px;\"><img loading=\"lazy\" decoding=\"async\" class=\"aligncenter  wp-image-200\" src=\"https:\/\/kongres-kami.sk\/land\/wp-content\/uploads\/2017\/11\/MUDr.-Hubert-Pol\u00e1\u010dek-CSc-234x300.jpg\" alt=\"\" width=\"156\" height=\"200\" srcset=\"https:\/\/kongres-kami.sk\/land\/wp-content\/uploads\/2017\/11\/MUDr.-Hubert-Pol\u00e1\u010dek-CSc-234x300.jpg 234w, https:\/\/kongres-kami.sk\/land\/wp-content\/uploads\/2017\/11\/MUDr.-Hubert-Pol\u00e1\u010dek-CSc.jpg 321w\" sizes=\"auto, (max-width: 156px) 100vw, 156px\" \/><\/td>\n<\/tr>\n<tr style=\"height: 20px;\">\n<td style=\"text-align: center; height: 20px;\">\n<p><span style=\"font-size: 10pt;\">Prof. MUDr.<\/span>\u00a0<span style=\"font-size: 10pt;\">Arno\u0161t L\u00e1nyi, DrSc.<\/span><\/p>\n<\/td>\n<td style=\"text-align: center; height: 20px;\">\n<p><span style=\"font-size: 10pt;\">Doc. MUDr.<\/span>\u00a0<span style=\"font-size: 10pt;\">Vilibald Darmo, CSc.<\/span><\/p>\n<\/td>\n<td style=\"text-align: center; height: 20px;\">\n<p><span style=\"font-size: 10pt;\">MUDr.\u00a0Jozef\u00a0Ka\u0161uba, CSc.<\/span><\/p>\n<\/td>\n<td style=\"text-align: center; height: 20px;\">\n<p><span style=\"font-size: 10pt;\">MUDr.\u00a0Hubert Pol\u00e1\u010dek, CSc.<\/span><\/p>\n<\/td>\n<\/tr>\n<\/tbody>\n<\/table>\n<p>Klinika zais\u0165uje teoretick\u00fa a\u00a0praktick\u00fa v\u00fdu\u010dbu r\u00e1diol\u00f3gie pre \u0161tudentov JLF UK a\u00a0v\u00a0minulosti i\u00a0pre \u017eiakov Strednej zdravotn\u00edckej \u0161koly M. R. \u0160tef\u00e1nika v\u00a0Martine. M\u00e1 \u0161koliace miesta v\u00a0r\u00e1mci postgradu\u00e1lnej pr\u00edpravy r\u00e1diol\u00f3gov na Slovensku.<br \/>\n Vo funkcii u\u010dite\u013eov, odborn\u00fdch asistentov, postupne p\u00f4sobili: doc.\u00a0MUDr.\u00a0Vilibald Darmo,\u00a0CSc., MUDr.\u00a0Irena Ry\u0161av\u00e1, MUDr.\u00a0Irena Trubenov\u00e1, MUDr.\u00a0Peter Morvay, MUDr.\u00a0Stella Galandov\u00e1, MUDr.\u00a0Milan Benko, MUDr.\u00a0Jozef Ka\u0161uba,\u00a0CSc., MUDr.\u00a0Hubert Pol\u00e1\u010dek,\u00a0CSc., MUDr.\u00a0Nina Ko\u0161ov\u00e1, MUDr.\u00a0Marek \u0160ebo, MUDr.\u00a0Martin \u0160tev\u00edk, PhD.<br \/>\n Externe pom\u00e1hali aj ostatn\u00ed zdravotn\u00edcki pracovn\u00edci kliniky: MUDr.\u00a0Dami\u00e1n Pokorn\u00fd, MUDr.\u00a0Andrej Kov\u00e1\u010dik, MUDr.\u00a0Peter Frli\u010dka, MUDr.\u00a0Jitka Kov\u00e1\u010dikov\u00e1, MUDr.\u00a0Gust\u00e1v Matu\u0161ovi\u010d, z\u00a0r\u00e1dioterapeutick\u00e9ho oddelenia MUDr.\u00a0Eva Hajtmanov\u00e1. Niektor\u00e9 t\u00e9my odpredn\u00e1\u0161al doc.\u00a0MUDr.\u00a0Peter Bo\u0159uta,\u00a0CSc., mim. Prof.\u00a0zo SPAM v\u00a0Bratislave. Z\u00a0banskobystrick\u00fdch odborn\u00edkov predn\u00e1\u0161ali: MUDr.\u00a0\u013dubom\u00edr Mi\u0161tina,\u00a0CSc., MUDr.\u00a0Ivan Dobrock\u00fd, PhD., MUDr.\u00a0Slavom\u00edr Kemka a\u00a0MUDr.\u00a0Emil Tvrd\u00edk, PhD.<br \/>\n V\u00a0s\u00fa\u010dasnosti sa na v\u00fdu\u010dbe podie\u013eaj\u00fa v\u0161etci lek\u00e1ri kliniky: MUDr.\u00a0Bobulov\u00e1 Anna, MUDr.\u00a0Drgov\u00e1 M\u00e1ria, MUDr.\u00a0Korbe\u013eov\u00e1 M\u00e1ria, MUDr.\u00a0Ko\u0161\u00edk Michal, MUDr.\u00a0Krko\u0161ka Adam, MUDr.\u00a0Kuba\u0161kov\u00e1 Marianna, MUDr.\u00a0Macurov\u00e1 Barbora, MUDr.\u00a0Mikulcov\u00e1 Lenka, MUDr.\u00a0S\u00edkeli J\u00e1n, MUDr.\u00a0S\u00fdkora J\u00e1n, MUDr.\u00a0Trabalkov\u00e1 Zuzana, MUDr.\u00a0Tretina Milan, MUDr.\u00a0Vajdov\u00e1 Veronika, MUDr.\u00a0Vete\u0161kov\u00e1 \u0160tef\u00e1nia, MUDr.\u00a0Vor\u010d\u00e1k Martin.<\/p>\n","protected":false},"excerpt":{"rendered":"<p>R\u00e1diologick\u00e1 klinika JLF UK a\u00a0UNM v\u00a0Martine vznikla v\u00a0r\u00e1mci r\u00e1diologick\u00e9ho oddelenia martinskej nemocnice. Jeho ved\u00facim sa v\u00a0roku 1946 stal MUDr.\u00a0Arno\u0161t L\u00e1nyi, ktor\u00fd u\u017e ako docent od roku 1957 viedol v\u00a0Martine katedru <a href=\"https:\/\/kongres-kami.sk\/land\/historia-radiologickej-kliniky\/\" class=\"more-link\">[&hellip;]<\/a><\/p>\n","protected":false},"author":1,"featured_media":0,"parent":0,"menu_order":7,"comment_status":"closed","ping_status":"closed","template":"","meta":{"Layout":"","footnotes":""},"class_list":["entry","author-lucian-cmorej","post-198","page","type-page","status-publish"],"_links":{"self":[{"href":"https:\/\/kongres-kami.sk\/land\/wp-json\/wp\/v2\/pages\/198","targetHints":{"allow":["GET"]}}],"collection":[{"href":"https:\/\/kongres-kami.sk\/land\/wp-json\/wp\/v2\/pages"}],"about":[{"href":"https:\/\/kongres-kami.sk\/land\/wp-json\/wp\/v2\/types\/page"}],"author":[{"embeddable":true,"href":"https:\/\/kongres-kami.sk\/land\/wp-json\/wp\/v2\/users\/1"}],"replies":[{"embeddable":true,"href":"https:\/\/kongres-kami.sk\/land\/wp-json\/wp\/v2\/comments?post=198"}],"version-history":[{"count":5,"href":"https:\/\/kongres-kami.sk\/land\/wp-json\/wp\/v2\/pages\/198\/revisions"}],"predecessor-version":[{"id":208,"href":"https:\/\/kongres-kami.sk\/land\/wp-json\/wp\/v2\/pages\/198\/revisions\/208"}],"wp:attachment":[{"href":"https:\/\/kongres-kami.sk\/land\/wp-json\/wp\/v2\/media?parent=198"}],"curies":[{"name":"wp","href":"https:\/\/api.w.org\/{rel}","templated":true}]}}